{"id":133,"date":"2017-10-06T13:32:21","date_gmt":"2017-10-06T11:32:21","guid":{"rendered":"http:\/\/www.zirkel-guetersloh.de\/?page_id=133"},"modified":"2024-03-20T18:01:20","modified_gmt":"2024-03-20T17:01:20","slug":"arbeit-und-beschaeftigung","status":"publish","type":"page","link":"https:\/\/www.zirkel-guetersloh.de\/index.php\/angebote\/arbeiten\/arbeit-und-beschaeftigung\/","title":{"rendered":"Arbeit und Besch\u00e4ftigung"},"content":{"rendered":"\t\t<div data-elementor-type=\"wp-page\" data-elementor-id=\"133\" class=\"elementor elementor-133\">\n\t\t\t\t<div class=\"aux-parallax-section elementor-element elementor-element-2d5a676 e-con-full e-flex e-con e-parent\" data-id=\"2d5a676\" data-element_type=\"container\" data-e-type=\"container\" data-settings=\"{&quot;background_background&quot;:&quot;classic&quot;,&quot;_ob_use_container_extras&quot;:&quot;no&quot;,&quot;_ob_column_hoveranimator&quot;:&quot;no&quot;,&quot;_ob_glider_is_slider&quot;:&quot;no&quot;,&quot;_ob_column_has_pseudo&quot;:&quot;no&quot;}\">\n\t\t\t\t<\/div>\n\t\t\t\t<section class=\"elementor-section elementor-top-section elementor-element elementor-element-5a5a34af elementor-section-boxed elementor-section-height-default elementor-section-height-default\" data-id=\"5a5a34af\" data-element_type=\"section\" data-e-type=\"section\" data-settings=\"{&quot;_ob_glider_is_slider&quot;:&quot;no&quot;}\">\n\t\t\t\t\t\t<div class=\"elementor-container elementor-column-gap-default\">\n\t\t\t\t\t<div class=\"aux-parallax-section elementor-column elementor-col-100 elementor-top-column elementor-element elementor-element-771e63a0\" data-id=\"771e63a0\" data-element_type=\"column\" data-e-type=\"column\" data-settings=\"{&quot;_ob_column_hoveranimator&quot;:&quot;no&quot;,&quot;_ob_column_has_pseudo&quot;:&quot;no&quot;}\">\n\t\t\t<div class=\"elementor-widget-wrap elementor-element-populated\">\n\t\t\t\t\t\t<div class=\"elementor-element elementor-element-3378817f ob-has-background-overlay elementor-widget elementor-widget-spacer\" data-id=\"3378817f\" data-element_type=\"widget\" data-e-type=\"widget\" data-settings=\"{&quot;_ob_spacerat_use&quot;:&quot;no&quot;,&quot;_ob_widget_stalker_use&quot;:&quot;no&quot;,&quot;_ob_poopart_use&quot;:&quot;yes&quot;,&quot;_ob_shadough_use&quot;:&quot;no&quot;,&quot;_ob_allow_hoveranimator&quot;:&quot;no&quot;}\" data-widget_type=\"spacer.default\">\n\t\t\t\t<div class=\"elementor-widget-container\">\n\t\t\t\t\t\t\t<div class=\"elementor-spacer\">\n\t\t\t<div class=\"elementor-spacer-inner\"><\/div>\n\t\t<\/div>\n\t\t\t\t\t\t<\/div>\n\t\t\t\t<\/div>\n\t\t\t\t\t<\/div>\n\t\t<\/div>\n\t\t\t\t\t<\/div>\n\t\t<\/section>\n\t\t<div class=\"aux-parallax-section elementor-element elementor-element-5c8c229 e-flex e-con-boxed e-con e-parent\" data-id=\"5c8c229\" data-element_type=\"container\" data-e-type=\"container\" data-settings=\"{&quot;_ob_use_container_extras&quot;:&quot;no&quot;,&quot;_ob_column_hoveranimator&quot;:&quot;no&quot;,&quot;_ob_glider_is_slider&quot;:&quot;no&quot;,&quot;_ob_column_has_pseudo&quot;:&quot;no&quot;}\">\n\t\t\t\t\t<div class=\"e-con-inner\">\n\t\t<div class=\"elementor-element elementor-element-a431aa8 e-con-full e-flex e-con e-child\" data-id=\"a431aa8\" data-element_type=\"container\" data-e-type=\"container\" data-settings=\"{&quot;_ob_use_container_extras&quot;:&quot;no&quot;,&quot;_ob_column_hoveranimator&quot;:&quot;no&quot;,&quot;_ob_glider_is_slider&quot;:&quot;no&quot;,&quot;_ob_column_has_pseudo&quot;:&quot;no&quot;}\">\n\t\t\t\t<div class=\"elementor-element elementor-element-89ea7d8 ob-harakiri-inherit ob-has-background-overlay elementor-widget elementor-widget-heading\" data-id=\"89ea7d8\" data-element_type=\"widget\" data-e-type=\"widget\" data-settings=\"{&quot;_ob_use_harakiri&quot;:&quot;yes&quot;,&quot;_ob_harakiri_writing_mode&quot;:&quot;inherit&quot;,&quot;_ob_harakiri_text_clip&quot;:&quot;none&quot;,&quot;_ob_widget_stalker_use&quot;:&quot;no&quot;,&quot;_ob_poopart_use&quot;:&quot;yes&quot;,&quot;_ob_shadough_use&quot;:&quot;no&quot;,&quot;_ob_allow_hoveranimator&quot;:&quot;no&quot;}\" data-widget_type=\"heading.default\">\n\t\t\t\t<div class=\"elementor-widget-container\">\n\t\t\t\t\t<h2 class=\"elementor-heading-title elementor-size-default\">Arbeit und Ergotherapie<\/h2>\t\t\t\t<\/div>\n\t\t\t\t<\/div>\n\t\t\t\t<div class=\"elementor-element elementor-element-2a48864 ob-harakiri-inherit ob-has-background-overlay elementor-widget elementor-widget-text-editor\" data-id=\"2a48864\" data-element_type=\"widget\" data-e-type=\"widget\" data-settings=\"{&quot;_ob_use_harakiri&quot;:&quot;yes&quot;,&quot;_ob_harakiri_writing_mode&quot;:&quot;inherit&quot;,&quot;_ob_postman_use&quot;:&quot;no&quot;,&quot;_ob_widget_stalker_use&quot;:&quot;no&quot;,&quot;_ob_poopart_use&quot;:&quot;yes&quot;,&quot;_ob_shadough_use&quot;:&quot;no&quot;,&quot;_ob_allow_hoveranimator&quot;:&quot;no&quot;}\" data-widget_type=\"text-editor.default\">\n\t\t\t\t<div class=\"elementor-widget-container\">\n\t\t\t\t\t\t\t\t\t<p>Arbeit ist ein wichtiger Teil des Lebens. Wer regelm\u00e4\u00dfig arbeitet und damit zu seinem Lebensunterhalt beitr\u00e4gt, erf\u00e4hrt Best\u00e4tigung und Wertsch\u00e4tzung.<br \/>Arbeit strukturiert den Ablauf des Tages und l\u00e4sst am gesellschaftlichen Leben teilhaben. Wir bieten eine umfassende F\u00f6rderung durch individuell gestaltete und besch\u00fctzte arbeitstherapeutische und ergotherapeutische Angebote an 6 Standorten im Kreis G\u00fctersloh an.<br \/>Auch unsere Handwerksabteilung bietet interessante Arbeitspl\u00e4tze f\u00fcr betreute Menschen. Gemeinsam mit den unseren Handwerkern stellen sie ihr K\u00f6nnen zur Verf\u00fcgung.<\/p>\t\t\t\t\t\t\t\t<\/div>\n\t\t\t\t<\/div>\n\t\t\t\t<div class=\"elementor-element elementor-element-eb3607f gallery-spacing-custom ob-has-background-overlay elementor-widget elementor-widget-image-gallery\" data-id=\"eb3607f\" data-element_type=\"widget\" data-e-type=\"widget\" data-settings=\"{&quot;_ob_widget_stalker_use&quot;:&quot;no&quot;,&quot;_ob_poopart_use&quot;:&quot;yes&quot;,&quot;_ob_shadough_use&quot;:&quot;no&quot;,&quot;_ob_allow_hoveranimator&quot;:&quot;no&quot;}\" data-widget_type=\"image-gallery.default\">\n\t\t\t\t<div class=\"elementor-widget-container\">\n\t\t\t\t\t\t\t<div class=\"elementor-image-gallery\">\n\t\t\t<div id='gallery-1' class='gallery galleryid-133 gallery-columns-2 gallery-size-full'><figure class='gallery-item'>\n\t\t\t<div class='gallery-icon landscape'>\n\t\t\t\t<a data-elementor-open-lightbox=\"yes\" data-elementor-lightbox-slideshow=\"eb3607f\" data-e-action-hash=\"#elementor-action%3Aaction%3Dlightbox%26settings%3DeyJpZCI6NTc1LCJ1cmwiOiJodHRwczpcL1wvd3d3LnppcmtlbC1ndWV0ZXJzbG9oLmRlXC93cC1jb250ZW50XC91cGxvYWRzXC8yMDIwXC8xMFwvQXJiZWl0LTItZTE3MTA5NTM5NzYzNTUuanBnIiwic2xpZGVzaG93IjoiZWIzNjA3ZiJ9\" href='https:\/\/www.zirkel-guetersloh.de\/wp-content\/uploads\/2020\/10\/Arbeit-2-e1710953976355.jpg'><img fetchpriority=\"high\" decoding=\"async\" width=\"1280\" height=\"853\" src=\"https:\/\/www.zirkel-guetersloh.de\/wp-content\/uploads\/2020\/10\/Arbeit-2-e1710953976355.jpg\" class=\"attachment-full size-full\" alt=\"\" \/><\/a>\n\t\t\t<\/div><\/figure><figure class='gallery-item'>\n\t\t\t<div class='gallery-icon landscape'>\n\t\t\t\t<a data-elementor-open-lightbox=\"yes\" data-elementor-lightbox-slideshow=\"eb3607f\" data-e-action-hash=\"#elementor-action%3Aaction%3Dlightbox%26settings%3DeyJpZCI6MTMyNCwidXJsIjoiaHR0cHM6XC9cL3d3dy56aXJrZWwtZ3VldGVyc2xvaC5kZVwvd3AtY29udGVudFwvdXBsb2Fkc1wvMjAyNFwvMDNcL1ppcmtlbC1BcmJlaXQtZ2FsZXJpZS5qcGciLCJzbGlkZXNob3ciOiJlYjM2MDdmIn0%3D\" href='https:\/\/www.zirkel-guetersloh.de\/wp-content\/uploads\/2024\/03\/Zirkel-Arbeit-galerie.jpg'><img decoding=\"async\" width=\"1080\" height=\"720\" src=\"https:\/\/www.zirkel-guetersloh.de\/wp-content\/uploads\/2024\/03\/Zirkel-Arbeit-galerie.jpg\" class=\"attachment-full size-full\" alt=\"\" \/><\/a>\n\t\t\t<\/div><\/figure><figure class='gallery-item'>\n\t\t\t<div class='gallery-icon landscape'>\n\t\t\t\t<a data-elementor-open-lightbox=\"yes\" data-elementor-lightbox-slideshow=\"eb3607f\" data-e-action-hash=\"#elementor-action%3Aaction%3Dlightbox%26settings%3DeyJpZCI6NTQxLCJ1cmwiOiJodHRwczpcL1wvd3d3LnppcmtlbC1ndWV0ZXJzbG9oLmRlXC93cC1jb250ZW50XC91cGxvYWRzXC8yMDIwXC8xMFwvQXJiZWl0LVRodW1iLmpwZyIsInNsaWRlc2hvdyI6ImViMzYwN2YifQ%3D%3D\" href='https:\/\/www.zirkel-guetersloh.de\/wp-content\/uploads\/2020\/10\/Arbeit-Thumb.jpg'><img decoding=\"async\" width=\"600\" height=\"400\" src=\"https:\/\/www.zirkel-guetersloh.de\/wp-content\/uploads\/2020\/10\/Arbeit-Thumb.jpg\" class=\"attachment-full size-full\" alt=\"\" \/><\/a>\n\t\t\t<\/div><\/figure><figure class='gallery-item'>\n\t\t\t<div class='gallery-icon landscape'>\n\t\t\t\t<a data-elementor-open-lightbox=\"yes\" data-elementor-lightbox-slideshow=\"eb3607f\" data-e-action-hash=\"#elementor-action%3Aaction%3Dlightbox%26settings%3DeyJpZCI6MTMyMywidXJsIjoiaHR0cHM6XC9cL3d3dy56aXJrZWwtZ3VldGVyc2xvaC5kZVwvd3AtY29udGVudFwvdXBsb2Fkc1wvMjAyNFwvMDNcL1ppcmtlbC1BcmJlaXQtZ2FsZXJpZTIuanBnIiwic2xpZGVzaG93IjoiZWIzNjA3ZiJ9\" href='https:\/\/www.zirkel-guetersloh.de\/wp-content\/uploads\/2024\/03\/Zirkel-Arbeit-galerie2.jpg'><img loading=\"lazy\" decoding=\"async\" width=\"1080\" height=\"720\" src=\"https:\/\/www.zirkel-guetersloh.de\/wp-content\/uploads\/2024\/03\/Zirkel-Arbeit-galerie2.jpg\" class=\"attachment-full size-full\" alt=\"\" \/><\/a>\n\t\t\t<\/div><\/figure>\n\t\t<\/div>\n\t\t<\/div>\n\t\t\t\t\t\t<\/div>\n\t\t\t\t<\/div>\n\t\t\t\t<div class=\"elementor-element elementor-element-10feec9 ob-harakiri-inherit ob-has-background-overlay elementor-widget elementor-widget-text-editor\" data-id=\"10feec9\" data-element_type=\"widget\" data-e-type=\"widget\" data-settings=\"{&quot;_ob_use_harakiri&quot;:&quot;yes&quot;,&quot;_ob_harakiri_writing_mode&quot;:&quot;inherit&quot;,&quot;_ob_postman_use&quot;:&quot;no&quot;,&quot;_ob_widget_stalker_use&quot;:&quot;no&quot;,&quot;_ob_poopart_use&quot;:&quot;yes&quot;,&quot;_ob_shadough_use&quot;:&quot;no&quot;,&quot;_ob_allow_hoveranimator&quot;:&quot;no&quot;}\" data-widget_type=\"text-editor.default\">\n\t\t\t\t<div class=\"elementor-widget-container\">\n\t\t\t\t\t\t\t\t\t<p>Die Besucher der Arbeits- und Ergotherapie besuchen im Sinne des Normalit\u00e4tsprinzips einen<br \/>neuen Lebensbereich au\u00dferhalb ihres Wohnbereichs, um einer f\u00fcr sie sinnvollen<br \/>T\u00e4tigkeit nachgehen zu k\u00f6nnen. Die Arbeits- und Ergotherapie ist demnach eine Ma\u00dfnahme f\u00fcr jeden Nutzer*in unserer Wohn- und Betreuungseinrichtungen.<br \/>\u00dcbergeordnetes Ziel der Arbeits- und Ergotherapie ist im Sinne der Eingliederungshilfe, die<br \/>Teilhabe am Leben in der Gemeinschaft.<\/p><p>Die Arbeits- und Ergotherapie bietet verl\u00e4ssliche Zeitstrukturen sowie zielorientierte Angebote im Tagesverlauf und vermittelt damit Sicherheit, Orientierungsf\u00e4higkeit, als auch emotionale Stabilit\u00e4t. Dar\u00fcber hinaus erm\u00f6glichen speziell einzelfallbezogene, abgestimmte Angebote die Entwicklung und Stabilisierung von lebenspraktischen F\u00e4higkeiten und alltagsnahen Kompetenzen.<\/p><p>Die Gestaltung des Tages in wiederkehrende, verl\u00e4ssliche Tages- und Wochenabl\u00e4ufe bieten den Betreuten eine Basis f\u00fcr die F\u00f6rderung oder Weiterentwicklung von F\u00e4higkeiten und Fertigkeiten.<br \/>Die Arbeits- und Ergotherapie ist ein Ort, der in verschiedener Hinsicht Lern- und<br \/>Erfahrungsprozesse sowie Teilhabe am Leben in der Gemeinschaft erm\u00f6glichen soll. Durch entsprechende Angebote werden M\u00f6glichkeiten der Selbsterfahrung geschaffen und F\u00f6rderungen in verschiedenen Entwicklungsbereichen geplant und durchgef\u00fchrt.<\/p>\t\t\t\t\t\t\t\t<\/div>\n\t\t\t\t<\/div>\n\t\t\t\t<\/div>\n\t\t\t\t\t<\/div>\n\t\t\t\t<\/div>\n\t\t\t\t<\/div>\n\t\t","protected":false},"excerpt":{"rendered":"<p>Arbeit und Ergotherapie Arbeit ist ein wichtiger Teil des Lebens. Wer regelm\u00e4\u00dfig arbeitet und damit zu seinem Lebensunterhalt beitr\u00e4gt, erf\u00e4hrt Best\u00e4tigung und Wertsch\u00e4tzung.Arbeit strukturiert den Ablauf des Tages und l\u00e4sst am gesellschaftlichen Leben teilhaben. Wir bieten eine umfassende F\u00f6rderung durch individuell gestaltete und besch\u00fctzte arbeitstherapeutische und ergotherapeutische Angebote an 6 Standorten im Kreis G\u00fctersloh an.Auch [&hellip;]<\/p>\n","protected":false},"author":1,"featured_media":0,"parent":120,"menu_order":0,"comment_status":"closed","ping_status":"closed","template":"","meta":{"footnotes":""},"class_list":["post-133","page","type-page","status-publish","hentry"],"_links":{"self":[{"href":"https:\/\/www.zirkel-guetersloh.de\/index.php\/wp-json\/wp\/v2\/pages\/133","targetHints":{"allow":["GET"]}}],"collection":[{"href":"https:\/\/www.zirkel-guetersloh.de\/index.php\/wp-json\/wp\/v2\/pages"}],"about":[{"href":"https:\/\/www.zirkel-guetersloh.de\/index.php\/wp-json\/wp\/v2\/types\/page"}],"author":[{"embeddable":true,"href":"https:\/\/www.zirkel-guetersloh.de\/index.php\/wp-json\/wp\/v2\/users\/1"}],"replies":[{"embeddable":true,"href":"https:\/\/www.zirkel-guetersloh.de\/index.php\/wp-json\/wp\/v2\/comments?post=133"}],"version-history":[{"count":20,"href":"https:\/\/www.zirkel-guetersloh.de\/index.php\/wp-json\/wp\/v2\/pages\/133\/revisions"}],"predecessor-version":[{"id":1330,"href":"https:\/\/www.zirkel-guetersloh.de\/index.php\/wp-json\/wp\/v2\/pages\/133\/revisions\/1330"}],"up":[{"embeddable":true,"href":"https:\/\/www.zirkel-guetersloh.de\/index.php\/wp-json\/wp\/v2\/pages\/120"}],"wp:attachment":[{"href":"https:\/\/www.zirkel-guetersloh.de\/index.php\/wp-json\/wp\/v2\/media?parent=133"}],"curies":[{"name":"wp","href":"https:\/\/api.w.org\/{rel}","templated":true}]}}